{"id":116,"date":"2014-08-31T13:12:26","date_gmt":"2014-08-31T13:12:26","guid":{"rendered":"http:\/\/weeklynews-wp.mipdesign.com\/?page_id=116"},"modified":"2020-01-05T23:54:27","modified_gmt":"2020-01-05T21:54:27","slug":"homepage","status":"publish","type":"page","link":"https:\/\/podkarpacka.iarp.pl\/","title":{"rendered":"STRONA G\u0141\u00d3WNA"},"content":{"rendered":"<p>[vc_row][vc_column width=&#8221;1\/4&#8243;][vc_btn title=&#8221;WARSZTAT PRACY ARCHITEKTA&#8221; style=&#8221;3d&#8221; shape=&#8221;square&#8221; color=&#8221;blue&#8221; size=&#8221;lg&#8221; align=&#8221;center&#8221; button_block=&#8221;true&#8221; link=&#8221;url:http%3A%2F%2Fwww.warsztatarchitekta.pl%2F||target:%20_blank&#8221;][\/vc_column][vc_column width=&#8221;1\/4&#8243;][vc_btn title=&#8221;NEWSLETTER LEGISLACYJNY ARCHILEGIS&#8221; style=&#8221;3d&#8221; shape=&#8221;square&#8221; color=&#8221;turquoise&#8221; size=&#8221;lg&#8221; align=&#8221;center&#8221; button_block=&#8221;true&#8221; link=&#8221;url:http%3A%2F%2Fwww.warsztatarchitekta.pl%2F2014-08-04-11-51-26||target:%20_blank&#8221;][\/vc_column][vc_column width=&#8221;1\/4&#8243;][vc_btn title=&#8221;Z:A ZAW\u00d3D ARCHITEKT MIESI\u0118CZNIK&#8221; style=&#8221;3d&#8221; shape=&#8221;square&#8221; color=&#8221;orange&#8221; size=&#8221;lg&#8221; align=&#8221;center&#8221; button_block=&#8221;true&#8221; link=&#8221;url:http%3A%2F%2Fwww.zawod-architekt.pl%2F||target:%20_blank&#8221;][\/vc_column][vc_column width=&#8221;1\/4&#8243;][vc_btn title=&#8221;SIE\u0106 WEWN\u0118TRZNA EXTRANET&#8221; style=&#8221;3d&#8221; shape=&#8221;square&#8221; color=&#8221;pink&#8221; size=&#8221;lg&#8221; align=&#8221;center&#8221; button_block=&#8221;true&#8221; link=&#8221;url:https%3A%2F%2Fextranet.iarp.pl%2Fprofile%2Flogin%2Fr%2F||target:%20_blank&#8221;][\/vc_column][\/vc_row][vc_row][vc_column]<section id=\"mip-ajax-block-69f2b745cb000\" data-block=\"block-02\" data-cat=\"\" data-posttype=\"\" data-count=\"5\" data-max-pages=\"82\" data-offset=\"0\" data-tag=\"\" data-sort=\"date\" data-display=\"root\" data-img-format-1=\"post-thumb-9\" data-img-format-2=\"\" data-img-width-1=\"370\" data-img-width-2=\"0\" data-img-height-1=\"223\" data-img-height-2=\"0\" data-text=\"250\"><header><h2>AKTUALNO\u015aCI PKOIA<\/h2><span class=\"borderline\"><\/span><\/header><div class=\"articles relative clearfix\"><!-- start:row -->\r\n                        <div class=\"row bottom-margin\">\r\n                            <!-- start:article.thumb -->\r\n                            <article class=\"thumb thumb-lay-one cat-55 parent-cat-69\">\r\n                                <!-- start:col -->\r\n                                <div class=\"col-sm-6\">\r\n                                    <div class=\"thumb-wrap relative\">\r\n                                        <a href=\"https:\/\/podkarpacka.iarp.pl\/?p=8205\"><img itemprop=\"image\" class=\"bttrlazyloading img-responsive\" data-bttrlazyloading-md-src=\"https:\/\/podkarpacka.iarp.pl\/wp-content\/uploads\/2026\/04\/Plakat_JG_4-1-e1776365175724-370x223.jpg\" width=\"370\" height=\"223\" alt=\"Wyjazd edukacyjny do Cz\u0119stochowy - \u201eW przestrzeni architektury i muzyki \u2013 Jasna G\u00f3ra\u201d\" class=\"img-responsive\" \/>\r\n                        <noscript><img loading=\"lazy\" decoding=\"async\" itemprop=\"image\" src=\"https:\/\/podkarpacka.iarp.pl\/wp-content\/uploads\/2026\/04\/Plakat_JG_4-1-e1776365175724-370x223.jpg\" width=\"370\" height=\"223\" alt=\"Wyjazd edukacyjny do Cz\u0119stochowy - \u201eW przestrzeni architektury i muzyki \u2013 Jasna G\u00f3ra\u201d\" class=\"img-responsive\" \/><\/noscript><\/a>\r\n                                        <a href=\"https:\/\/podkarpacka.iarp.pl\/?cat=55\" class=\"theme\">WYDARZENIA<\/a>\r\n                                    <\/div>\r\n                                <\/div>\r\n                                <!-- end:col -->\r\n                                <!-- start:col -->\r\n                                <div class=\"col-sm-6\">\r\n                                    <h3><a href=\"https:\/\/podkarpacka.iarp.pl\/?p=8205\">Wyjazd edukacyjny do Cz\u0119stochowy - \u201eW przestrzeni architektury i muzyki \u2013 Jasna G\u00f3ra\u201d<\/a><\/h3>\r\n                                    <span class=\"published\" itemprop=\"dateCreated\"><span class=\"icon fa-calendar\" itemprop=\"dateCreated\">16 kwietnia 2026, czwartek - 19:43<\/span><span class=\"icon fa-eye\">28<\/span><\/span>\r\n                                    <span class=\"text\">Rada Podkarpackiej Okr\u0119gowej Izby Architekt\u00f3w RP oraz Stowarzyszenie Architekt\u00f3w Polskich oddzia\u0142 Rzesz\u00f3w zapraszaj\u0105 na wyj\u0105tkowy wyjazd edukacyjny do Cz\u0119stochowy pod has\u0142em: \u201eW przestrzeni architektury i muzyki \u2013 Jasna...<\/span>\r\n                                <\/div>\r\n                                <!-- end:col -->\r\n                            <\/article>\r\n                            <!-- end:article.thumb -->\r\n                        <\/div>\r\n                        <!-- end:row --><!-- start:row -->\r\n                        <div class=\"row bottom-margin\">\r\n                            <!-- start:article.thumb -->\r\n                            <article class=\"thumb thumb-lay-one cat-1 parent-cat-1\">\r\n                                <!-- start:col -->\r\n                                <div class=\"col-sm-6\">\r\n                                    <div class=\"thumb-wrap relative\">\r\n                                        <a href=\"https:\/\/podkarpacka.iarp.pl\/?p=8193\"><img itemprop=\"image\" class=\"bttrlazyloading img-responsive\" data-bttrlazyloading-md-src=\"https:\/\/podkarpacka.iarp.pl\/wp-content\/uploads\/2026\/04\/Kartka-Wielkanocna-2026-370x223.png\" width=\"370\" height=\"223\" alt=\"\u017byczenia Wielkanocne\" class=\"img-responsive\" \/>\r\n                        <noscript><img loading=\"lazy\" decoding=\"async\" itemprop=\"image\" src=\"https:\/\/podkarpacka.iarp.pl\/wp-content\/uploads\/2026\/04\/Kartka-Wielkanocna-2026-370x223.png\" width=\"370\" height=\"223\" alt=\"\u017byczenia Wielkanocne\" class=\"img-responsive\" \/><\/noscript><\/a>\r\n                                        <a href=\"https:\/\/podkarpacka.iarp.pl\/?cat=1\" class=\"theme\">Bez kategorii<\/a>\r\n                                    <\/div>\r\n                                <\/div>\r\n                                <!-- end:col -->\r\n                                <!-- start:col -->\r\n                                <div class=\"col-sm-6\">\r\n                                    <h3><a href=\"https:\/\/podkarpacka.iarp.pl\/?p=8193\">\u017byczenia Wielkanocne<\/a><\/h3>\r\n                                    <span class=\"published\" itemprop=\"dateCreated\"><span class=\"icon fa-calendar\" itemprop=\"dateCreated\">03 kwietnia 2026, pi\u0105tek - 14:15<\/span><span class=\"icon fa-eye\">7<\/span><\/span>\r\n                                    <span class=\"text\">Drogie Kole\u017canki i Koledzy,\r\n\r\nprzesy\u0142amy najserdeczniejsze \u017cyczenia wielkanocne, maj\u0105c nadziej\u0119, \u017ce ten \u015bwi\u0105teczny czas przyniesie Wam spok\u00f3j, rado\u015b\u0107 oraz now\u0105 energi\u0119 do dalszego tw\u00f3rczego dzia\u0142ania.\u00a0\r\n\r\n\r\n...<\/span>\r\n                                <\/div>\r\n                                <!-- end:col -->\r\n                            <\/article>\r\n                            <!-- end:article.thumb -->\r\n                        <\/div>\r\n                        <!-- end:row --><!-- start:row -->\r\n                        <div class=\"row bottom-margin\">\r\n                            <!-- start:article.thumb -->\r\n                            <article class=\"thumb thumb-lay-one cat-55 parent-cat-69\">\r\n                                <!-- start:col -->\r\n                                <div class=\"col-sm-6\">\r\n                                    <div class=\"thumb-wrap relative\">\r\n                                        <a href=\"https:\/\/podkarpacka.iarp.pl\/?p=8153\"><img itemprop=\"image\" class=\"bttrlazyloading img-responsive\" data-bttrlazyloading-md-src=\"https:\/\/podkarpacka.iarp.pl\/wp-content\/uploads\/2026\/04\/IMG_2972-370x223.jpg\" width=\"370\" height=\"223\" alt=\"Relacja z VI Sprawozdawczo-Wyborczego Zjazdu Podkarpackiej Okr\u0119gowej Izby Architekt\u00f3w RP\" class=\"img-responsive\" \/>\r\n                        <noscript><img loading=\"lazy\" decoding=\"async\" itemprop=\"image\" src=\"https:\/\/podkarpacka.iarp.pl\/wp-content\/uploads\/2026\/04\/IMG_2972-370x223.jpg\" width=\"370\" height=\"223\" alt=\"Relacja z VI Sprawozdawczo-Wyborczego Zjazdu Podkarpackiej Okr\u0119gowej Izby Architekt\u00f3w RP\" class=\"img-responsive\" \/><\/noscript><\/a>\r\n                                        <a href=\"https:\/\/podkarpacka.iarp.pl\/?cat=55\" class=\"theme\">WYDARZENIA<\/a>\r\n                                    <\/div>\r\n                                <\/div>\r\n                                <!-- end:col -->\r\n                                <!-- start:col -->\r\n                                <div class=\"col-sm-6\">\r\n                                    <h3><a href=\"https:\/\/podkarpacka.iarp.pl\/?p=8153\">Relacja z VI Sprawozdawczo-Wyborczego Zjazdu Podkarpackiej Okr\u0119gowej Izby Architekt\u00f3w RP<\/a><\/h3>\r\n                                    <span class=\"published\" itemprop=\"dateCreated\"><span class=\"icon fa-calendar\" itemprop=\"dateCreated\">03 kwietnia 2026, pi\u0105tek - 11:12<\/span><span class=\"icon fa-eye\">117<\/span><\/span>\r\n                                    <span class=\"text\">\r\n\r\n27 marca 2026 r. odby\u0142 si\u0119 VI Sprawozdawczo-Wyborczy Zjazd PKOIA RP. Wydarzenie stanowi\u0142o podsumowanie kadencji 2022-2026 oraz czas wyboru nowych w\u0142adz, kt\u00f3re poprowadz\u0105 Izb\u0119 przez kolejne cztery lata.\r\n\r\nNowy rozdzia\u0142 w historii...<\/span>\r\n                                <\/div>\r\n                                <!-- end:col -->\r\n                            <\/article>\r\n                            <!-- end:article.thumb -->\r\n                        <\/div>\r\n                        <!-- end:row --><!-- start:row -->\r\n                        <div class=\"row bottom-margin\">\r\n                            <!-- start:article.thumb -->\r\n                            <article class=\"thumb thumb-lay-one cat-57 parent-cat-57\">\r\n                                <!-- start:col -->\r\n                                <div class=\"col-sm-6\">\r\n                                    <div class=\"thumb-wrap relative\">\r\n                                        <a href=\"https:\/\/podkarpacka.iarp.pl\/?p=8135\"><img itemprop=\"image\" class=\"bttrlazyloading img-responsive\" data-bttrlazyloading-md-src=\"https:\/\/podkarpacka.iarp.pl\/wp-content\/uploads\/2026\/03\/IMG-20260316-WA0004-370x223.jpg\" width=\"370\" height=\"223\" alt=\"Zaproszenie na szkolenie: \u201eNasza Izba\u201d \u2013 struktury i funkcjonowanie IARP\" class=\"img-responsive\" \/>\r\n                        <noscript><img loading=\"lazy\" decoding=\"async\" itemprop=\"image\" src=\"https:\/\/podkarpacka.iarp.pl\/wp-content\/uploads\/2026\/03\/IMG-20260316-WA0004-370x223.jpg\" width=\"370\" height=\"223\" alt=\"Zaproszenie na szkolenie: \u201eNasza Izba\u201d \u2013 struktury i funkcjonowanie IARP\" class=\"img-responsive\" \/><\/noscript><\/a>\r\n                                        <a href=\"https:\/\/podkarpacka.iarp.pl\/?cat=57\" class=\"theme\">SZKOLENIA<\/a>\r\n                                    <\/div>\r\n                                <\/div>\r\n                                <!-- end:col -->\r\n                                <!-- start:col -->\r\n                                <div class=\"col-sm-6\">\r\n                                    <h3><a href=\"https:\/\/podkarpacka.iarp.pl\/?p=8135\">Zaproszenie na szkolenie: \u201eNasza Izba\u201d \u2013 struktury i funkcjonowanie IARP<\/a><\/h3>\r\n                                    <span class=\"published\" itemprop=\"dateCreated\"><span class=\"icon fa-calendar\" itemprop=\"dateCreated\">18 marca 2026, \u015broda - 20:42<\/span><span class=\"icon fa-eye\">46<\/span><\/span>\r\n                                    <span class=\"text\">\r\n\r\nSzkolenie skierowane jest do wszystkich cz\u0142onk\u00f3w PKOIA RP, ze szczeg\u00f3lnym uwzgl\u0119dnieniem delegat\u00f3w na Zjazd Okr\u0119gowy kadencji 2026-2030, cz\u0142onk\u00f3w organ\u00f3w oraz os\u00f3b aspiruj\u0105cych do pe\u0142nienia funkcji w strukturach Izby.\r\n\r\nProgram...<\/span>\r\n                                <\/div>\r\n                                <!-- end:col -->\r\n                            <\/article>\r\n                            <!-- end:article.thumb -->\r\n                        <\/div>\r\n                        <!-- end:row --><!-- start:row -->\r\n                        <div class=\"row bottom-margin\">\r\n                            <!-- start:article.thumb -->\r\n                            <article class=\"thumb thumb-lay-one cat-56 parent-cat-69\">\r\n                                <!-- start:col -->\r\n                                <div class=\"col-sm-6\">\r\n                                    <div class=\"thumb-wrap relative\">\r\n                                        <a href=\"https:\/\/podkarpacka.iarp.pl\/?p=8095\"><img itemprop=\"image\" class=\"bttrlazyloading img-responsive\" data-bttrlazyloading-md-src=\"https:\/\/podkarpacka.iarp.pl\/wp-content\/uploads\/2021\/12\/iNFO-cOVER-PHOTO-370x223.png\" width=\"370\" height=\"223\" alt=\"Komunikat: Nowe wzory wniosk\u00f3w dla os\u00f3b pe\u0142ni\u0105cych samodzielne funkcje techniczne w budownictwie\" class=\"img-responsive\" \/>\r\n                        <noscript><img loading=\"lazy\" decoding=\"async\" itemprop=\"image\" src=\"https:\/\/podkarpacka.iarp.pl\/wp-content\/uploads\/2021\/12\/iNFO-cOVER-PHOTO-370x223.png\" width=\"370\" height=\"223\" alt=\"Komunikat: Nowe wzory wniosk\u00f3w dla os\u00f3b pe\u0142ni\u0105cych samodzielne funkcje techniczne w budownictwie\" class=\"img-responsive\" \/><\/noscript><\/a>\r\n                                        <a href=\"https:\/\/podkarpacka.iarp.pl\/?cat=56\" class=\"theme\">INFORMACJE RADY<\/a>\r\n                                    <\/div>\r\n                                <\/div>\r\n                                <!-- end:col -->\r\n                                <!-- start:col -->\r\n                                <div class=\"col-sm-6\">\r\n                                    <h3><a href=\"https:\/\/podkarpacka.iarp.pl\/?p=8095\">Komunikat: Nowe wzory wniosk\u00f3w dla os\u00f3b pe\u0142ni\u0105cych samodzielne funkcje techniczne w budownictwie<\/a><\/h3>\r\n                                    <span class=\"published\" itemprop=\"dateCreated\"><span class=\"icon fa-calendar\" itemprop=\"dateCreated\">07 marca 2026, sobota - 15:24<\/span><span class=\"icon fa-eye\">259<\/span><\/span>\r\n                                    <span class=\"text\">Szanowni Pa\u0144stwo,\r\n\r\nPodkarpacka Okr\u0119gowa Izba Architekt\u00f3w RP informuje, \u017ce z dniem 4 marca 2026 roku wprowadzone zostaj\u0105 do stosowania nowe wzory wniosk\u00f3w dedykowane osobom pe\u0142ni\u0105cym samodzielne funkcje techniczne w...<\/span>\r\n                                <\/div>\r\n                                <!-- end:col -->\r\n                            <\/article>\r\n                            <!-- end:article.thumb -->\r\n                        <\/div>\r\n                        <!-- end:row --><\/div><div class=\"paging mip-ajax-nav ajax-nav-footer\">\r\n                        <a class=\"prev disabled\" data-container=\"mip-ajax-block-69f2b745cb000\" data-index=\"0\" data-columns=\"\" data-layout=\"\" href=\"#\"><\/a>\r\n                        <a class=\"next\" data-container=\"mip-ajax-block-69f2b745cb000\" data-index=\"2\" data-columns=\"\" data-layout=\"\" href=\"#\"><\/a>\r\n                    <\/div><\/section><section id=\"mip-ajax-block-69f2b745cd862\" data-block=\"block-04\" data-cat=\"57\" data-posttype=\"\" data-count=\"2\" data-max-pages=\"41\" data-offset=\"\" data-tag=\"\" data-sort=\"date\" data-display=\"root\" data-img-format-1=\"post-thumb-9\" data-img-format-2=\"\" data-img-width-1=\"370\" data-img-width-2=\"0\" data-img-height-1=\"223\" data-img-height-2=\"0\" data-text=\"340\"><header><h2>SZKOLENIA I WARSZTATY<\/h2><span class=\"borderline\"><\/span><\/header><div class=\"articles relative clearfix\"><!-- start:row --><div class=\"row clearfix\"><div class=\"col-sm-6 clearfix\">\r\n                        <!-- start:article.linkbox -->\r\n                        <article class=\"linkbox cat-57 parent-cat-57\">\r\n                            <a href=\"https:\/\/podkarpacka.iarp.pl\/?p=8135\">\r\n                                <img itemprop=\"image\" class=\"bttrlazyloading img-responsive\" data-bttrlazyloading-md-src=\"https:\/\/podkarpacka.iarp.pl\/wp-content\/uploads\/2026\/03\/IMG-20260316-WA0004-370x223.jpg\" width=\"370\" height=\"223\" alt=\"Zaproszenie na szkolenie: \u201eNasza Izba\u201d \u2013 struktury i funkcjonowanie IARP\" class=\"img-responsive\" \/>\r\n                        <noscript><img loading=\"lazy\" decoding=\"async\" itemprop=\"image\" src=\"https:\/\/podkarpacka.iarp.pl\/wp-content\/uploads\/2026\/03\/IMG-20260316-WA0004-370x223.jpg\" width=\"370\" height=\"223\" alt=\"Zaproszenie na szkolenie: \u201eNasza Izba\u201d \u2013 struktury i funkcjonowanie IARP\" class=\"img-responsive\" \/><\/noscript>\r\n                                <div class=\"overlay\">\r\n                                    <h3>Zaproszenie na szkolenie: \u201eNasza Izba\u201d \u2013 struktury i funkcjonowanie IARP<\/h3>\r\n                                <\/div>\r\n                            <\/a>\r\n                            <a href=\"https:\/\/podkarpacka.iarp.pl\/?cat=57\" class=\"theme\">SZKOLENIA<\/a>\r\n                            \r\n                        <\/article>\r\n                        <!-- end:article.linkbox -->\r\n                        <\/div><div class=\"col-sm-6 clearfix\">\r\n                        <!-- start:article.linkbox -->\r\n                        <article class=\"linkbox cat-57 parent-cat-57\">\r\n                            <a href=\"https:\/\/podkarpacka.iarp.pl\/?p=8091\">\r\n                                <img itemprop=\"image\" class=\"bttrlazyloading img-responsive\" data-bttrlazyloading-md-src=\"https:\/\/podkarpacka.iarp.pl\/wp-content\/uploads\/2026\/03\/plakat-370x223.jpeg\" width=\"370\" height=\"223\" alt=\"Szkolenie &quot;Czy to koniec ery \u201e\u0142atwych\u201d Decyzji WZ?&quot;\" class=\"img-responsive\" \/>\r\n                        <noscript><img loading=\"lazy\" decoding=\"async\" itemprop=\"image\" src=\"https:\/\/podkarpacka.iarp.pl\/wp-content\/uploads\/2026\/03\/plakat-370x223.jpeg\" width=\"370\" height=\"223\" alt=\"Szkolenie &quot;Czy to koniec ery \u201e\u0142atwych\u201d Decyzji WZ?&quot;\" class=\"img-responsive\" \/><\/noscript>\r\n                                <div class=\"overlay\">\r\n                                    <h3>Szkolenie \"Czy to koniec ery \u201e\u0142atwych\u201d Decyzji WZ?\"<\/h3>\r\n                                <\/div>\r\n                            <\/a>\r\n                            <a href=\"https:\/\/podkarpacka.iarp.pl\/?cat=57\" class=\"theme\">SZKOLENIA<\/a>\r\n                            \r\n                        <\/article>\r\n                        <!-- end:article.linkbox -->\r\n                        <\/div><\/div><!-- end:row --><\/div><div class=\"paging mip-ajax-nav ajax-nav-footer\">\r\n                        <a class=\"prev disabled\" data-container=\"mip-ajax-block-69f2b745cd862\" data-index=\"0\" data-columns=\"\" data-layout=\"\" href=\"#\"><\/a>\r\n                        <a class=\"next\" data-container=\"mip-ajax-block-69f2b745cd862\" data-index=\"2\" data-columns=\"\" data-layout=\"\" href=\"#\"><\/a>\r\n                    <\/div><\/section><section id=\"mip-ajax-block-69f2b745cec36\" data-block=\"block-08\" data-cat=\"62\" data-posttype=\"\" data-count=\"3\" data-max-pages=\"20\" data-offset=\"0\" data-tag=\"\" data-sort=\"date\" data-display=\"root\" data-img-format-1=\"237_bfi_143\" data-img-format-2=\"\" data-img-width-1=\"237\" data-img-width-2=\"0\" data-img-height-1=\"143\" data-img-height-2=\"0\" data-text=\"0\"><header><h2>KONKURSY<\/h2><span class=\"borderline\"><\/span><\/header><div class=\"articles relative clearfix\"><!-- start:row --><div class=\"row clearfix\"><div class=\"col-sm-4\"><!-- start:article -->\r\n                        <article class=\"thumb thumb-lay-two cat-62 parent-cat-69\">\r\n                            <div class=\"thumb-wrap relative\">\r\n                                <a href=\"https:\/\/podkarpacka.iarp.pl\/?p=7494\"><img itemprop=\"image\" class=\"bttrlazyloading img-responsive\" data-bttrlazyloading-md-src=\"https:\/\/podkarpacka.iarp.pl\/wp-content\/uploads\/2025\/12\/WhatsApp-Image-2025-12-17-at-20.43.55-237x143.jpeg\" width=\"237\" height=\"143\" alt=\"Wyniki wsp\u00f3lnego konkursu POIA RP i SARP Rzesz\u00f3w: \u201eDZIECI\u0118CY ARCHI-CHRISTMAS 2025\u201d\" class=\"img-responsive\" \/>\r\n                        <noscript><img loading=\"lazy\" decoding=\"async\" itemprop=\"image\" src=\"https:\/\/podkarpacka.iarp.pl\/wp-content\/uploads\/2025\/12\/WhatsApp-Image-2025-12-17-at-20.43.55-237x143.jpeg\" width=\"237\" height=\"143\" alt=\"Wyniki wsp\u00f3lnego konkursu POIA RP i SARP Rzesz\u00f3w: \u201eDZIECI\u0118CY ARCHI-CHRISTMAS 2025\u201d\" class=\"img-responsive\" \/><\/noscript><\/a>\r\n                                <a href=\"https:\/\/podkarpacka.iarp.pl\/?cat=62\" class=\"theme\">KONKURSY<\/a>\r\n                            <\/div>\r\n                            <span class=\"published\" itemprop=\"dateCreated\">21 grudnia 2025, niedziela - 14:56<\/span>\r\n                            <h3><a href=\"https:\/\/podkarpacka.iarp.pl\/?p=7494\">Wyniki wsp\u00f3lnego konkursu POIA RP i SARP Rzesz\u00f3w: \u201eDZIECI\u0118CY ARCHI-CHRISTMAS 2025\u201d<\/a><\/h3>\r\n                            <span class=\"text\"><\/span>\r\n                        <\/article>\r\n                        <!-- end:article --><\/div><div class=\"col-sm-4\"><!-- start:article -->\r\n                        <article class=\"thumb thumb-lay-two cat-62 parent-cat-69\">\r\n                            <div class=\"thumb-wrap relative\">\r\n                                <a href=\"https:\/\/podkarpacka.iarp.pl\/?p=7396\"><img itemprop=\"image\" class=\"bttrlazyloading img-responsive\" data-bttrlazyloading-md-src=\"https:\/\/podkarpacka.iarp.pl\/wp-content\/uploads\/2025\/12\/IMG-20251128-WA0048-237x143.jpg\" width=\"237\" height=\"143\" alt=\"Mamy wyniki konkursu \u201eDom Moich Marze\u0144\u201d \u2013 XV EDYCJA !\" class=\"img-responsive\" \/>\r\n                        <noscript><img loading=\"lazy\" decoding=\"async\" itemprop=\"image\" src=\"https:\/\/podkarpacka.iarp.pl\/wp-content\/uploads\/2025\/12\/IMG-20251128-WA0048-237x143.jpg\" width=\"237\" height=\"143\" alt=\"Mamy wyniki konkursu \u201eDom Moich Marze\u0144\u201d \u2013 XV EDYCJA !\" class=\"img-responsive\" \/><\/noscript><\/a>\r\n                                <a href=\"https:\/\/podkarpacka.iarp.pl\/?cat=62\" class=\"theme\">KONKURSY<\/a>\r\n                            <\/div>\r\n                            <span class=\"published\" itemprop=\"dateCreated\">01 grudnia 2025, poniedzia\u0142ek - 08:27<\/span>\r\n                            <h3><a href=\"https:\/\/podkarpacka.iarp.pl\/?p=7396\">Mamy wyniki konkursu \u201eDom Moich Marze\u0144\u201d \u2013 XV EDYCJA !<\/a><\/h3>\r\n                            <span class=\"text\"><\/span>\r\n                        <\/article>\r\n                        <!-- end:article --><\/div><div class=\"col-sm-4\"><!-- start:article -->\r\n                        <article class=\"thumb thumb-lay-two cat-62 parent-cat-69\">\r\n                            <div class=\"thumb-wrap relative\">\r\n                                <a href=\"https:\/\/podkarpacka.iarp.pl\/?p=7393\"><img itemprop=\"image\" class=\"bttrlazyloading img-responsive\" data-bttrlazyloading-md-src=\"https:\/\/podkarpacka.iarp.pl\/wp-content\/uploads\/2025\/09\/Zdjecie-WhatsApp-2024-12-04-o-10.58.43_bebf8700-237x143.jpg\" width=\"237\" height=\"143\" alt=\"&quot;DOM MOICH MARZE\u0143&quot;! - Ostateczny termin sk\u0142adania prac\" class=\"img-responsive\" \/>\r\n                        <noscript><img loading=\"lazy\" decoding=\"async\" itemprop=\"image\" src=\"https:\/\/podkarpacka.iarp.pl\/wp-content\/uploads\/2025\/09\/Zdjecie-WhatsApp-2024-12-04-o-10.58.43_bebf8700-237x143.jpg\" width=\"237\" height=\"143\" alt=\"&quot;DOM MOICH MARZE\u0143&quot;! - Ostateczny termin sk\u0142adania prac\" class=\"img-responsive\" \/><\/noscript><\/a>\r\n                                <a href=\"https:\/\/podkarpacka.iarp.pl\/?cat=62\" class=\"theme\">KONKURSY<\/a>\r\n                            <\/div>\r\n                            <span class=\"published\" itemprop=\"dateCreated\">18 listopada 2025, wtorek - 22:54<\/span>\r\n                            <h3><a href=\"https:\/\/podkarpacka.iarp.pl\/?p=7393\">\"DOM MOICH MARZE\u0143\"! - Ostateczny termin sk\u0142adania prac<\/a><\/h3>\r\n                            <span class=\"text\"><\/span>\r\n                        <\/article>\r\n                        <!-- end:article --><\/div><\/div><!-- end:row --><\/div><\/section>[\/vc_column][\/vc_row]<\/p>\n","protected":false},"excerpt":{"rendered":"<p>[vc_row][vc_column width=&#8221;1\/4&#8243;][vc_btn title=&#8221;WARSZTAT PRACY ARCHITEKTA&#8221; style=&#8221;3d&#8221; shape=&#8221;square&#8221; color=&#8221;blue&#8221; size=&#8221;lg&#8221; align=&#8221;center&#8221; button_block=&#8221;true&#8221; link=&#8221;url:http%3A%2F%2Fwww.warsztatarchitekta.pl%2F||target:%20_blank&#8221;][\/vc_column][vc_column width=&#8221;1\/4&#8243;][vc_btn title=&#8221;NEWSLETTER LEGISLACYJNY ARCHILEGIS&#8221; style=&#8221;3d&#8221; shape=&#8221;square&#8221; color=&#8221;turquoise&#8221; size=&#8221;lg&#8221; align=&#8221;center&#8221; button_block=&#8221;true&#8221; link=&#8221;url:http%3A%2F%2Fwww.warsztatarchitekta.pl%2F2014-08-04-11-51-26||target:%20_blank&#8221;][\/vc_column][vc_column width=&#8221;1\/4&#8243;][vc_btn title=&#8221;Z:A ZAW\u00d3D ARCHITEKT MIESI\u0118CZNIK&#8221; style=&#8221;3d&#8221; shape=&#8221;square&#8221; color=&#8221;orange&#8221; size=&#8221;lg&#8221; align=&#8221;center&#8221; button_block=&#8221;true&#8221; link=&#8221;url:http%3A%2F%2Fwww.zawod-architekt.pl%2F||target:%20_blank&#8221;][\/vc_column][vc_column width=&#8221;1\/4&#8243;][vc_btn title=&#8221;SIE\u0106 WEWN\u0118TRZNA EXTRANET&#8221; style=&#8221;3d&#8221; shape=&#8221;square&#8221; color=&#8221;pink&#8221; size=&#8221;lg&#8221; align=&#8221;center&#8221; button_block=&#8221;true&#8221; link=&#8221;url:https%3A%2F%2Fextranet.iarp.pl%2Fprofile%2Flogin%2Fr%2F||target:%20_blank&#8221;][\/vc_column][\/vc_row][vc_row][vc_column][\/vc_column][\/vc_row]<\/p>\n","protected":false},"author":7,"featured_media":0,"parent":0,"menu_order":1,"comment_status":"open","ping_status":"closed","template":"template-visual-composer.php","meta":{"footnotes":""},"class_list":["post-116","page","type-page","status-publish","hentry"],"publishpress_future_action":{"enabled":false,"date":"2026-05-07 02:58:29","action":"change-status","newStatus":"draft","terms":[],"taxonomy":"","extraData":[]},"publishpress_future_workflow_manual_trigger":{"enabledWorkflows":[]},"_links":{"self":[{"href":"https:\/\/podkarpacka.iarp.pl\/index.php?rest_route=\/wp\/v2\/pages\/116","targetHints":{"allow":["GET"]}}],"collection":[{"href":"https:\/\/podkarpacka.iarp.pl\/index.php?rest_route=\/wp\/v2\/pages"}],"about":[{"href":"https:\/\/podkarpacka.iarp.pl\/index.php?rest_route=\/wp\/v2\/types\/page"}],"author":[{"embeddable":true,"href":"https:\/\/podkarpacka.iarp.pl\/index.php?rest_route=\/wp\/v2\/users\/7"}],"replies":[{"embeddable":true,"href":"https:\/\/podkarpacka.iarp.pl\/index.php?rest_route=%2Fwp%2Fv2%2Fcomments&post=116"}],"version-history":[{"count":41,"href":"https:\/\/podkarpacka.iarp.pl\/index.php?rest_route=\/wp\/v2\/pages\/116\/revisions"}],"predecessor-version":[{"id":7645,"href":"https:\/\/podkarpacka.iarp.pl\/index.php?rest_route=\/wp\/v2\/pages\/116\/revisions\/7645"}],"wp:attachment":[{"href":"https:\/\/podkarpacka.iarp.pl\/index.php?rest_route=%2Fwp%2Fv2%2Fmedia&parent=116"}],"curies":[{"name":"wp","href":"https:\/\/api.w.org\/{rel}","templated":true}]}}