{"id":380,"date":"2015-02-20T23:18:08","date_gmt":"2015-02-20T23:18:08","guid":{"rendered":"http:\/\/podkarpacka.iarp.pl\/?page_id=380"},"modified":"2015-04-28T00:20:22","modified_gmt":"2015-04-28T00:20:22","slug":"architektura","status":"publish","type":"page","link":"https:\/\/podkarpacka.iarp.pl\/?page_id=380","title":{"rendered":"ARCHITEKTURA"},"content":{"rendered":"<p>[vc_row][vc_column width=&#8221;1\/1&#8243;][vc_column_text]<a href=\"https:\/\/podkarpacka.iarp.pl\/wp-content\/uploads\/2015\/02\/logo-izba-male.png\"><img loading=\"lazy\" decoding=\"async\" class=\"alignleft size-full wp-image-470\" src=\"https:\/\/podkarpacka.iarp.pl\/wp-content\/uploads\/2015\/02\/logo-izba-male.png\" alt=\"logo izba male\" width=\"140\" height=\"80\" \/><\/a><\/p>\n<h2 style=\"margin: 0px 30px 0px; text-align: left;\">KRAJOWA RADA IZBY ARCHITEKT\u00d3W ORAZ OKR\u0118GOWE IZBY ARCHITEKT\u00d3W RP<\/h2>\n<hr style=\"margin: 10px 0px 25px;\" \/>\n<p>[\/vc_column_text][\/vc_column][\/vc_row][vc_row css=&#8221;.vc_custom_1424749694257{background-color: #f2f2f2 !important;background-position: center !important;background-repeat: no-repeat !important;background-size: cover !important;}&#8221;][vc_column width=&#8221;1\/1&#8243;][vc_accordion][vc_accordion_tab title=&#8221;<strong>KRAJOWA RADA IZBY ARCHITEKT\u00d3W RP<\/strong>&#8220;][vc_column_text]<\/p>\n<p style=\"padding-left: 30px;\">UL. STAWKI 2A<br \/>\n00-193 WARSZAWA<br \/>\nTEL. (0-22) 827-85-14<br \/>\nFAX (0-22) 827-62-42,<\/p>\n<p style=\"padding-left: 30px;\">WWW:\u00a0<a href=\"http:\/\/www.izbaarchitektow.pl\/\">WWW.IZBAARCHITEKTOW.PL<\/a><br \/>\nE-MAIL:\u00a0<a href=\"mailto:izba@izbaarchitektow.pl\">IZBA@IZBAARCHITEKTOW.PL<\/a><\/p>\n<p>[\/vc_column_text][\/vc_accordion_tab][vc_accordion_tab title=&#8221;<strong>DOLNO\u015aL\u0104SKA OKR\u0118GOWA IZBA ARCHITEKT\u00d3W RP<\/strong>&#8220;][vc_column_text]<\/p>\n<p style=\"padding-left: 30px;\">O\u0141AWSKA 21 (IIP)<br \/>\n50-123 WROC\u0141AW<br \/>\nTEL: (0-71) 344 33 69<br \/>\nFAX: (0-71) 344 33 69<\/p>\n<p style=\"padding-left: 30px;\">WWW:\u00a0<a href=\"http:\/\/www.izbaarchitektow.wroc.pl\/\">WWW.IZBAARCHITEKTOW.WROC.PL<\/a><br \/>\nE-MAIL:\u00a0<a href=\"mailto:dolnoslaska@izbaarchitektow.pl\">DOLNOSLASKA@IZBAARCHITEKTOW.PL<\/a><\/p>\n<p>[\/vc_column_text][\/vc_accordion_tab][vc_accordion_tab title=&#8221;<strong>KUJAWSKO-POMORSKA OKR\u0118GOWA IZBA ARCHITEKT\u00d3W RP<\/strong>&#8220;][vc_column_text]<\/p>\n<p style=\"padding-left: 30px;\">GARBARY 2<br \/>\n85-229 BYDGOSZCZ<br \/>\nTEL: (0-52) 322 20 57<\/p>\n<p style=\"padding-left: 30px;\">WWW: <a title=\"WWW.KPOIA.IARP.PL\" href=\"WWW.KPOIA.IARP.PL\">WWW.KPOIA.IARP.PL<\/a><br \/>\nE-MAIL:\u00a0<a href=\"mailto:kujawsko.pomorska@izbaarchitektow.pl\">KUJAWSKO.POMORSKA@IZBAARCHITEKTOW.PL<\/a><\/p>\n<p>[\/vc_column_text][\/vc_accordion_tab][vc_accordion_tab title=&#8221;<strong>LUBELSKA OKR\u0118GOWA IZBA ARCHITEKT\u00d3W RP<\/strong>&#8220;][vc_column_text]<\/p>\n<p style=\"padding-left: 30px;\">GRODZKA 3<br \/>\n20-112 LUBLIN<br \/>\nTEL: (0-81)534 70 48<br \/>\nFAX: (0-81) 534 70 48<\/p>\n<p style=\"padding-left: 30px;\">WWW:\u00a0<a href=\"http:\/\/www.lubelska.iarp.pl\/\">WWW.LUBELSKA.IARP.PL<\/a><br \/>\nE-MAIL:\u00a0<a href=\"mailto:lubelska@izbaarchitektow.pl\">LUBELSKA@IZBAARCHITEKTOW.PL<\/a><\/p>\n<p>[\/vc_column_text][\/vc_accordion_tab][vc_accordion_tab title=&#8221;<strong>LUBUSKA OKR\u0118GOWA IZBA ARCHITEKT\u00d3W RP<\/strong>&#8220;][vc_column_text]<\/p>\n<p style=\"padding-left: 30px;\">JAGIELLO\u0143CZYKA 8, POK. 431<br \/>\n66-400 GORZ\u00d3W WIELKOPOLSKI<br \/>\nTEL: (0-95) 721 55 23, PON-CZW W GODZ. 10-15<\/p>\n<p style=\"padding-left: 30px;\">WWW:\u00a0<a href=\"http:\/\/www.lubuska.iarp.pl\/\">WWW.LUBUSKA.IARP.PL<\/a><br \/>\nE-MAIL:\u00a0<a href=\"mailto:lubuska@izbaarchitektow.pl\">LUBUSKA@IZBAARCHITEKTOW.PL<\/a><\/p>\n<p>[\/vc_column_text][\/vc_accordion_tab][vc_accordion_tab title=&#8221;<strong>\u0141\u00d3DZKA OKR\u0118GOWA IZBA ARCHITEKT\u00d3W RP<\/strong>&#8220;][vc_column_text]<\/p>\n<p style=\"padding-left: 30px;\">KO\u015aCIUSZKI 33\/35<br \/>\n90-418 \u0141\u00d3D\u0179<br \/>\nTEL\/FAX: (0-42) 633 97 66, (0-42) 632 17 37<\/p>\n<p style=\"padding-left: 30px;\">WWW:\u00a0<a href=\"http:\/\/www.lodzka.iarp.pl\/\">WWW.LODZKA.IARP.PL<\/a><br \/>\nE-MAIL:\u00a0<a href=\"mailto:lodzka@izbaarchitektow.pl\">LODZKA@IZBAARCHITEKTOW.PL<\/a><\/p>\n<p>[\/vc_column_text][\/vc_accordion_tab][vc_accordion_tab title=&#8221;<strong>MA\u0141OPOLSKA OKR\u0118GOWA IZBA ARCHITEKT\u00d3W RP<\/strong>&#8220;][vc_column_text]<\/p>\n<p style=\"padding-left: 30px;\">KRASZEWSKIEGO 36<br \/>\n30-110 KRAK\u00d3W<br \/>\nTEL: (0-12) 427 26 47<br \/>\nFAX: (0-12) 427 26 47<\/p>\n<p style=\"padding-left: 30px;\">WWW:\u00a0<a href=\"http:\/\/WWW.MPOIA.PL\">WWW.MPOIA.PL<\/a><br \/>\nE-MAIL:\u00a0<a href=\"mailto:malopolska@izbaarchitektow.pl\">MALOPOLSKA@IZBAARCHITEKTOW.PL<\/a><\/p>\n<p>[\/vc_column_text][\/vc_accordion_tab][vc_accordion_tab title=&#8221;<strong>MAZOWIECKA OKR\u0118GOWA IZBA ARCHITEKT\u00d3W RP<\/strong>&#8220;][vc_column_text]<\/p>\n<p style=\"padding-left: 30px;\">KR\u00d3LEWSKA 27<br \/>\n00-060 WARSZAWA<br \/>\nTEL: (0-22) 65 338 65 W GODZ. 9-17<\/p>\n<p style=\"padding-left: 30px;\">WWW:\u00a0<a href=\"http:\/\/www.mazowiecka.iarp.pl\/\">WWW.MAZOWIECKA.IARP.PL<\/a><br \/>\nE-MAIL:\u00a0<a href=\"mailto:mazowiecka@izbaarchitektow.pl\">MAZOWIECKA@IZBAARCHITEKTOW.PL<\/a><\/p>\n<p>[\/vc_column_text][\/vc_accordion_tab][vc_accordion_tab title=&#8221;<strong>PODLASKA OKR\u0118GOWA IZBA ARCHITEKT\u00d3W RP<\/strong>&#8220;][vc_column_text]<\/p>\n<p style=\"padding-left: 30px;\">WASZYNGTONA 3<br \/>\n15-269 BIA\u0141YSTOK<br \/>\nTEL: (0-85) 744 70 48<br \/>\nFAX: (0-85) 744 70 48<\/p>\n<p style=\"padding-left: 30px;\">WWW:\u00a0<a href=\"http:\/\/www.podlaska.iarp.pl\/\">WWW.PODLASKA.IARP.PL<\/a><br \/>\nE-MAIL:\u00a0<a href=\"mailto:podlaska@izbaarchitektow.pl\">PODLASKA@IZBAARCHITEKTOW.PL<\/a><\/p>\n<p>[\/vc_column_text][\/vc_accordion_tab][vc_accordion_tab title=&#8221;<strong>POMORSKA OKR\u0118GOWA IZBA ARCHITEKT\u00d3W RP<\/strong>&#8220;][vc_column_text]<\/p>\n<p style=\"padding-left: 30px;\">TARG W\u0118GLOWY 27<br \/>\n80-836 GDA\u0143SK<br \/>\nTEL: (0-58) 300 06 56<br \/>\nFAX: (0-58) 305 27 20<\/p>\n<p style=\"padding-left: 30px;\">WWW:\u00a0 <a href=\"http:\/\/www.pomorska.iarp.pl\/\">WWW.POMORSKA.IARP.PL<\/a><br \/>\nE-MAIL:\u00a0<a href=\"mailto:pomorska@izbaarchitektow.pl\">POMORSKA@IZBAARCHITEKTOW.PL<\/a><\/p>\n<p>[\/vc_column_text][\/vc_accordion_tab][vc_accordion_tab title=&#8221;<strong>OPOLSKA OKR\u0118GOWA IZBA ARCHITEKT\u00d3W RP<\/strong>&#8220;][vc_column_text]<\/p>\n<p style=\"padding-left: 30px;\">RYNEK 5-6<br \/>\n45-015 OPOLE<br \/>\nTEL: (0-77) 453 22 98<br \/>\nFAX: (0-77) 454 19 35<\/p>\n<p style=\"padding-left: 30px;\">WWW: WWW.IZBAARCHITEKTOW.OPOLE.PL<br \/>\nE-MAIL:\u00a0<a href=\"mailto:opolska@izbaarchitektow.pl\">OPOLSKA@IZBAARCHITEKTOW.PL<\/a><\/p>\n<p>[\/vc_column_text][\/vc_accordion_tab][vc_accordion_tab title=&#8221;<strong>\u015aL\u0104SKA OKR\u0118GOWA IZBA ARCHITEKT\u00d3W RP<\/strong>&#8220;][vc_column_text]<\/p>\n<p style=\"padding-left: 30px;\">3 MAJA 11<br \/>\n40-096 KATOWICE<br \/>\nTEL: (0-32) 253 01 27<br \/>\nFAX: (0-32) 253 06 82<\/p>\n<p style=\"padding-left: 30px;\">WWW:\u00a0<a href=\"http:\/\/www.slaska.iarp.pl\/\">WWW.SLASKA.IARP.PL<\/a><br \/>\nE-MAIL\u00a0<a href=\"mailto:slaska@izbaarchitektow.pl\">SLASKA@IZBAARCHITEKTOW.PL<\/a><\/p>\n<p>[\/vc_column_text][\/vc_accordion_tab][vc_accordion_tab title=&#8221;<strong>\u015aWI\u0118TOKRZYSKA OKR\u0118GOWA IZBA ARCHITEKT\u00d3W RP<\/strong>&#8220;][vc_column_text]<\/p>\n<p style=\"padding-left: 30px;\">\u015aWI\u0118TEGO LEONARDA 18 P. 207<br \/>\n25-304 KIELCE<br \/>\nTEL: (0-41) 344 53 15<br \/>\nFAX: (0-41) 344 58 70<\/p>\n<p style=\"padding-left: 30px;\">WWW: WWW.SWIETOKRZYSKA.IARP.PL<br \/>\nE-MAIL\u00a0<a href=\"mailto:swietokrzyska@izbaarchitektow.pl\">SWIETOKRZYSKA@IZBAARCHITEKTOW.PL<\/a><\/p>\n<p>[\/vc_column_text][\/vc_accordion_tab][vc_accordion_tab title=&#8221;<strong>WARMI\u0143SKO &#8211; MAZURSKA OKR\u0118GOWA IZBA ARCHITEKT\u00d3W RP<\/strong>&#8220;][vc_column_text]<\/p>\n<p style=\"padding-left: 30px;\">1-MAJA 13 POK. 306<br \/>\n10-117 OLSZTYN<br \/>\nTEL\/FAX: (0-89) 521 34 30, (0-89) 521 34 31, (0-89) 521 34 32<\/p>\n<p style=\"padding-left: 30px;\">WWW:\u00a0<a href=\"http:\/\/www.wm.iarp.pl\/\">WWW.WM.IARP.PL<\/a><br \/>\nE-MAIL\u00a0<a href=\"mailto:wm@iarp.pl\">WM@IARP.PL<\/a><\/p>\n<p>[\/vc_column_text][\/vc_accordion_tab][vc_accordion_tab title=&#8221;<strong>WIELKOPOLSKA OKR\u0118GOWA IZBA ARCHITEKT\u00d3W RP<\/strong>&#8220;][vc_column_text]<\/p>\n<p style=\"padding-left: 30px;\">STARY RYNEK 56<br \/>\nPOZNA\u0143 61-772<br \/>\nTEL\/FAX: (0-61) 855 08 46<\/p>\n<p style=\"padding-left: 30px;\">WWW:\u00a0<a href=\"http:\/\/www.wielkopolska.iarp.pl\/\">WWW.WIELKOPOLSKA.IARP.PL<\/a><br \/>\nE-MAIL\u00a0<a href=\"mailto:wielkopolska@izbaarchitektow.pl\">WIELKOPOLSKA@IZBAARCHITEKTOW.PL<\/a><\/p>\n<p>[\/vc_column_text][\/vc_accordion_tab][vc_accordion_tab title=&#8221;<strong>ZACHODNIOPOMORSKA OKR\u0118GOWA IZBA ARCHITEKT\u00d3W RP<\/strong>&#8220;][vc_column_text]<\/p>\n<p style=\"padding-left: 30px;\">STAROM\u0141Y\u0143SKA 19<br \/>\n70-561 SZCZECIN<br \/>\nTEL\/FAX: (0-91) 434 74 64<\/p>\n<p style=\"padding-left: 30px;\">WWW:\u00a0<a href=\"http:\/\/www.zachodniopomorska.iarp.pl\/\">WWW.ZACHODNIOPOMORSKA.IARP.PL<\/a><br \/>\nE-MAIL:\u00a0<a href=\"mailto:zachodnio.pomorska@izbaarchitektow.pl\">ZACHODNIO.POMORSKA@IZBAARCHITEKTOW.PL<\/a><\/p>\n<p>[\/vc_column_text][\/vc_accordion_tab][\/vc_accordion][\/vc_column][\/vc_row][vc_row][vc_column width=&#8221;1\/1&#8243;][vc_column_text]<\/p>\n<hr \/>\n<p><a href=\"https:\/\/podkarpacka.iarp.pl\/wp-content\/uploads\/2015\/02\/logo-izba-male.png\"><img loading=\"lazy\" decoding=\"async\" class=\"alignleft size-full wp-image-470\" src=\"https:\/\/podkarpacka.iarp.pl\/wp-content\/uploads\/2015\/02\/logo-izba-male.png\" alt=\"logo izba male\" width=\"140\" height=\"80\" \/><\/a><\/p>\n<h2 style=\"margin: 0px 30px 0px; text-align: left;\">LISTA WA\u017bNYCH WITRYN INTERNETOWYCH DLA CZ\u0141ONK\u00d3W\u00a0IZBY ARCHITEKT\u00d3W<\/h2>\n<hr style=\"margin: 10px 0px 25px;\" \/>\n<p>[\/vc_column_text][\/vc_column][\/vc_row][vc_row][vc_column width=&#8221;1\/1&#8243;][vc_column_text]<\/p>\n<ul>\n<li class=\"link-nag\"><strong>Organizacje mi\u0119dzynarodowe<\/strong>\n<ul class=\"link-lvl\">\n<li><a href=\"http:\/\/www.ace-cae.org\/\" target=\"_blank\">ACE-CAE Rada Architekt\u00f3w Europy<\/a><\/li>\n<li><a href=\"http:\/\/www.arce-eu.org\/\" target=\"_blank\">ARCE Zrzeszenie Architekt\u00f3w z Region\u00f3w i Miast Metropolitalnych Unii Europejskiej<\/a><\/li>\n<li><a href=\"http:\/\/www.cebc.eu\/\" target=\"_blank\">Consortium of European Building Control<\/a><\/li>\n<li><a href=\"http:\/\/www.uia-architectes.org\/\" target=\"_blank\">UIA Mi\u0119dzynarodowa Unia Architekt\u00f3w<\/a><\/li>\n<li><a href=\"http:\/\/www.unhabitat.org.pl\/en\/index.php\" target=\"_blank\">UN-Habitat<\/a><\/li>\n<\/ul>\n<\/li>\n<\/ul>\n<ul>\n<li class=\"link-nag\"><strong>Przydatne adresy<\/strong>\n<ul class=\"link-lvl\">\n<li><a href=\"http:\/\/www.frse.org.pl\/\" target=\"_blank\">Fundacja Rozwoju Systemu Edukacji<\/a><\/li>\n<li><a href=\"http:\/\/www.nid.pl\/pl\/Informacje_ogolne\/Zabytki_w_Polsce\/rejestr-zabytkow\/zestawienia-zabytkow-nieruchomych\/\" target=\"_blank\">Krajowy O\u015brodek Bada\u0144 i Dokumentacji Zabytk\u00f3w<\/a><\/li>\n<li><a href=\"http:\/\/http\/\/www.maz.piib.org.pl\" target=\"_blank\">Mazowiecka Okr\u0119gowa Izba In\u017cynier\u00f3w Budownictwa<\/a><\/li>\n<li><a href=\"http:\/\/www.ma.wroc.pl\/\" target=\"_blank\">Muzeum Architektury we Wroc\u0142awiu<\/a><\/li>\n<li><a href=\"http:\/\/www.oozp.pl\/\" target=\"_blank\">O\u015brodek Ochrony Zbior\u00f3w Publicznych<\/a><\/li>\n<li><a href=\"http:\/\/www.architektura.um.warszawa.pl\/studium\" target=\"_blank\">Studium uwarunkowa\u0144 i kierunk\u00f3w zagospodarowania przestrzennego Miasta Sto\u0142ecznego Warszawy<\/a><\/li>\n<li><a href=\"http:\/\/www.oozp.org.pl\/muzea_frontend.php\" target=\"_blank\">Wykaz muze\u00f3w i zabytk\u00f3w budowlanych, w kt\u00f3rych wymagane jest stosowanie systemu sygnalizacji po\u017carowej<\/a><\/li>\n<\/ul>\n<\/li>\n<\/ul>\n<ul>\n<li class=\"link-nag\"><strong>Stowarzyszenia i organizacje<\/strong>\n<ul class=\"link-lvl\">\n<li><a href=\"http:\/\/www.kib.bti.pl\/\" target=\"_blank\">Krajowa Izba Budownictwa<\/a><\/li>\n<li><a href=\"http:\/\/www.kig.pl\/\" target=\"_blank\">Krajowa Izba Gospodarcza<\/a><\/li>\n<li><a href=\"http:\/\/izbaurbanistow.pl\/\" target=\"_blank\">Krajowa Izba Urbanist\u00f3w<\/a><\/li>\n<li><a href=\"http:\/\/warszawa.sarp.org.pl\/\" target=\"_blank\">Oddzia\u0142 Warszawski Stowarzyszenia Architekt\u00f3w Polskich<\/a><\/li>\n<li><a href=\"http:\/\/www.waoiu.pl\/\" target=\"_blank\">Okr\u0119gowa Izba Urbanist\u00f3w z siedzib\u0105 w Warszawie <\/a><\/li>\n<li><a href=\"http:\/\/www.sarp.org.pl\/\" target=\"_blank\">Stowarzyszenie Architekt\u00f3w Polskich<\/a><\/li>\n<li><a href=\"http:\/\/www.tup.org.pl\/\" target=\"_blank\">Towarzystwo Urbanist\u00f3w Polskich<\/a><\/li>\n<\/ul>\n<\/li>\n<\/ul>\n<ul>\n<li class=\"link-nag\"><strong>Urz\u0119dy pa\u0144stwowe<\/strong>\n<ul class=\"link-lvl\">\n<li><a href=\"http:\/\/www.gugik.gov.pl\/gugik\/w_pages\/w_index_idx.php?loc=W\" target=\"_blank\">G\u0142\u00f3wny Urz\u0105d Geodezji i Kartografii<\/a><\/li>\n<li><a href=\"http:\/\/www.gunb.gov.pl\/\" target=\"_blank\">G\u0142\u00f3wny Urz\u0105d Nadzoru Budowlanego<\/a><\/li>\n<li><a href=\"http:\/\/www.mir.gov.pl\/\" target=\"_blank\">Ministerstwo Infrastruktury i Rozwoju<\/a><\/li>\n<li><a href=\"http:\/\/www.mk.gov.pl\/\" target=\"_blank\">Ministerstwo Kultury i Dziedzictwa Narodowego<\/a><\/li>\n<li><a href=\"http:\/\/www.uokik.gov.pl\/\" target=\"_blank\">Urz\u0105d Ochrony Konkurencji i Konsument\u00f3w<\/a><\/li>\n<li><a href=\"http:\/\/www.uzp.gov.pl\/\" target=\"_blank\">Urz\u0105d Zam\u00f3wie\u0144 Publicznych<\/a><\/li>\n<\/ul>\n<\/li>\n<\/ul>\n<p>[\/vc_column_text][\/vc_column][\/vc_row]<\/p>\n","protected":false},"excerpt":{"rendered":"<p>[vc_row][vc_column width=&#8221;1\/1&#8243;][vc_column_text] KRAJOWA RADA IZBY ARCHITEKT\u00d3W ORAZ OKR\u0118GOWE IZBY ARCHITEKT\u00d3W RP [\/vc_column_text][\/vc_column][\/vc_row][vc_row css=&#8221;.vc_custom_1424749694257{background-color: #f2f2f2 !important;background-position: center !important;background-repeat: no-repeat !important;background-size: cover !important;}&#8221;][vc_column width=&#8221;1\/1&#8243;][vc_accordion][vc_accordion_tab title=&#8221;KRAJOWA RADA IZBY ARCHITEKT\u00d3W RP&#8220;][vc_column_text] UL. STAWKI 2A 00-193 WARSZAWA TEL. (0-22) 827-85-14 FAX (0-22) 827-62-42, WWW:\u00a0WWW.IZBAARCHITEKTOW.PL E-MAIL:\u00a0IZBA@IZBAARCHITEKTOW.PL [\/vc_column_text][\/vc_accordion_tab][vc_accordion_tab title=&#8221;DOLNO\u015aL\u0104SKA OKR\u0118GOWA IZBA ARCHITEKT\u00d3W RP&#8220;][vc_column_text] O\u0141AWSKA 21 (IIP) 50-123 WROC\u0141AW TEL: (0-71) 344 33 [&hellip;]<\/p>\n","protected":false},"author":7,"featured_media":0,"parent":0,"menu_order":0,"comment_status":"closed","ping_status":"closed","template":"","meta":{"footnotes":""},"class_list":["post-380","page","type-page","status-publish","hentry"],"publishpress_future_action":{"enabled":false,"date":"2026-05-05 15:18:01","action":"change-status","newStatus":"draft","terms":[],"taxonomy":"","extraData":[]},"publishpress_future_workflow_manual_trigger":{"enabledWorkflows":[]},"_links":{"self":[{"href":"https:\/\/podkarpacka.iarp.pl\/index.php?rest_route=\/wp\/v2\/pages\/380","targetHints":{"allow":["GET"]}}],"collection":[{"href":"https:\/\/podkarpacka.iarp.pl\/index.php?rest_route=\/wp\/v2\/pages"}],"about":[{"href":"https:\/\/podkarpacka.iarp.pl\/index.php?rest_route=\/wp\/v2\/types\/page"}],"author":[{"embeddable":true,"href":"https:\/\/podkarpacka.iarp.pl\/index.php?rest_route=\/wp\/v2\/users\/7"}],"replies":[{"embeddable":true,"href":"https:\/\/podkarpacka.iarp.pl\/index.php?rest_route=%2Fwp%2Fv2%2Fcomments&post=380"}],"version-history":[{"count":7,"href":"https:\/\/podkarpacka.iarp.pl\/index.php?rest_route=\/wp\/v2\/pages\/380\/revisions"}],"predecessor-version":[{"id":1083,"href":"https:\/\/podkarpacka.iarp.pl\/index.php?rest_route=\/wp\/v2\/pages\/380\/revisions\/1083"}],"wp:attachment":[{"href":"https:\/\/podkarpacka.iarp.pl\/index.php?rest_route=%2Fwp%2Fv2%2Fmedia&parent=380"}],"curies":[{"name":"wp","href":"https:\/\/api.w.org\/{rel}","templated":true}]}}