{"id":407,"date":"2015-02-21T00:19:04","date_gmt":"2015-02-21T00:19:04","guid":{"rendered":"http:\/\/podkarpacka.iarp.pl\/?page_id=407"},"modified":"2026-04-10T08:27:04","modified_gmt":"2026-04-10T07:27:04","slug":"struktura-pkoia-2","status":"publish","type":"page","link":"https:\/\/podkarpacka.iarp.pl\/?page_id=407","title":{"rendered":"STRUKTURA PKOIA"},"content":{"rendered":"<p><a href=\"https:\/\/podkarpacka.iarp.pl\/wp-content\/uploads\/2015\/02\/logo-izba-male.png\"><img loading=\"lazy\" decoding=\"async\" class=\"alignleft size-full wp-image-470\" src=\"https:\/\/podkarpacka.iarp.pl\/wp-content\/uploads\/2015\/02\/logo-izba-male.png\" alt=\"logo izba male\" width=\"140\" height=\"80\" \/><\/a><\/p>\n<h2 style=\"margin: 0px 50px 0px; text-align: left;\">RADA PODKARPACKIEJ OKR\u0118GOWEJ IZBY ARCHITEKT\u00d3W RP<\/h2>\n<hr style=\"margin: 10px 0px 25px;\" \/>\n<p>&nbsp;<\/p>\n<table style=\"height: 312px;\" width=\"607\">\n<tbody>\n<tr>\n<td width=\"51\">1.<\/td>\n<td width=\"202\"><strong>Przewodnicz\u0105ca<\/strong><\/td>\n<td width=\"355\"><strong>Iwona B\u0105k<\/strong><\/td>\n<\/tr>\n<tr>\n<td>2.<\/td>\n<td width=\"202\">Wiceprzewodnicz\u0105ca<\/td>\n<td width=\"355\">Joanna Matraszek<\/td>\n<\/tr>\n<tr>\n<td>3.<\/td>\n<td width=\"202\">Wiceprzewodnicz\u0105ca<\/td>\n<td width=\"355\">Renata \u015awi\u0119ci\u0144ska<\/td>\n<\/tr>\n<tr>\n<td>4.<\/td>\n<td width=\"202\">Sekretarz<\/td>\n<td width=\"355\">Grzegorz Ruszel<\/td>\n<\/tr>\n<tr>\n<td>5.<\/td>\n<td width=\"202\">Skarbnik<\/td>\n<td width=\"355\">Iwona Matlingiewicz<\/td>\n<\/tr>\n<tr>\n<td>6.<\/td>\n<td width=\"202\">Cz\u0142onek<\/td>\n<td width=\"355\">Andrzej Depa<\/td>\n<\/tr>\n<tr>\n<td>7.<\/td>\n<td width=\"202\">Cz\u0142onek<\/td>\n<td width=\"355\">Gertruda Pieczonka<\/td>\n<\/tr>\n<tr>\n<td>8.<\/td>\n<td width=\"202\">Cz\u0142onek<\/td>\n<td width=\"355\">Dawid Krzyszto\u0144<\/td>\n<\/tr>\n<tr>\n<td>9.<\/td>\n<td width=\"202\">Cz\u0142onek<\/td>\n<td width=\"355\">Marianna Leska<\/td>\n<\/tr>\n<\/tbody>\n<\/table>\n<p>&nbsp;<\/p>\n<hr \/>\n<p><a href=\"https:\/\/podkarpacka.iarp.pl\/wp-content\/uploads\/2015\/02\/logo-izba-male.png\"><img loading=\"lazy\" decoding=\"async\" class=\"alignleft size-full wp-image-470\" src=\"https:\/\/podkarpacka.iarp.pl\/wp-content\/uploads\/2015\/02\/logo-izba-male.png\" alt=\"logo izba male\" width=\"140\" height=\"80\" \/><\/a><\/p>\n<h2 style=\"margin: 0px 30px 0px; text-align: left;\">OKR\u0118GOWA KOMISJA REWIZYJNA PODKARPACKIEJ IZBY ARCHITEKT\u00d3W RP<\/h2>\n<hr style=\"margin: 10px 0px 25px;\" \/>\n<p>&nbsp;<\/p>\n<table width=\"608\">\n<tbody>\n<tr>\n<td width=\"51\">1.<\/td>\n<td width=\"202\"><strong>Przewodnicz\u0105cy<\/strong><\/td>\n<td width=\"355\"><strong>Agnieszka Puchyr<\/strong><\/td>\n<\/tr>\n<tr>\n<td>2.<\/td>\n<td width=\"202\">Wiceprzewodnicz\u0105cy<\/td>\n<td width=\"355\">Bartosz Gorczyca<\/td>\n<\/tr>\n<tr>\n<td>3.<\/td>\n<td width=\"202\">Sekretarz<\/td>\n<td width=\"355\">Karolina Koz\u0142owska<\/td>\n<\/tr>\n<\/tbody>\n<\/table>\n<p>&nbsp;<\/p>\n<hr \/>\n<p><a href=\"https:\/\/podkarpacka.iarp.pl\/wp-content\/uploads\/2015\/02\/logo-izba-male.png\"><img loading=\"lazy\" decoding=\"async\" class=\"alignleft size-full wp-image-470\" src=\"https:\/\/podkarpacka.iarp.pl\/wp-content\/uploads\/2015\/02\/logo-izba-male.png\" alt=\"logo izba male\" width=\"140\" height=\"80\" \/><\/a><\/p>\n<h2 style=\"margin: 0px 0px 0px; text-align: left;\">OKR\u0118GOWA KOMISJA KWALIFIKACYJNA PODKARPACKIEJ IZBY ARCHITEKT\u00d3W RP<\/h2>\n<hr style=\"margin: 10px 0px 25px;\" \/>\n<p>&nbsp;<\/p>\n<table width=\"608\">\n<tbody>\n<tr>\n<td width=\"51\">1.<\/td>\n<td width=\"202\"><strong>Przewodnicz\u0105cy<\/strong><\/td>\n<td width=\"355\"><strong>Pawe\u0142 Delikat<\/strong><\/td>\n<\/tr>\n<tr>\n<td>2.<\/td>\n<td width=\"202\">Wiceprzewodnicz\u0105cy<\/td>\n<td width=\"355\">Marek Lasko\u015b<\/td>\n<\/tr>\n<tr>\n<td>3.<\/td>\n<td width=\"202\">Wiceprzewodnicz\u0105cy<\/td>\n<td width=\"355\">W\u0142adys\u0142aw Boczkaj<\/td>\n<\/tr>\n<tr>\n<td>4.<\/td>\n<td width=\"202\">Sekretarz<\/td>\n<td width=\"355\">Ewa Kopyci\u0144ska<\/td>\n<\/tr>\n<tr>\n<td>5.<\/td>\n<td width=\"202\">Cz\u0142onek<\/td>\n<td width=\"355\">Stanis\u0142aw Ha\u0142abuz<\/td>\n<\/tr>\n<tr>\n<td>6.<\/td>\n<td width=\"202\">Cz\u0142onek<\/td>\n<td width=\"355\">Grzegorz S\u0142api\u0144ski<\/td>\n<\/tr>\n<tr>\n<td>7.<\/td>\n<td width=\"202\">Cz\u0142onek<\/td>\n<td width=\"355\">Jan Bulsza<\/td>\n<\/tr>\n<tr>\n<td>8.<\/td>\n<td width=\"202\">Cz\u0142onek<\/td>\n<td width=\"355\">S\u0142awomir Leja<\/td>\n<\/tr>\n<tr>\n<td>9.<\/td>\n<td width=\"202\">Cz\u0142onek<\/td>\n<td width=\"355\">Micha\u0142 Matraszek<\/td>\n<\/tr>\n<\/tbody>\n<\/table>\n<p>&nbsp;<\/p>\n<hr \/>\n<p><a href=\"https:\/\/podkarpacka.iarp.pl\/wp-content\/uploads\/2015\/02\/logo-izba-male.png\"><img loading=\"lazy\" decoding=\"async\" class=\"alignleft size-full wp-image-470\" src=\"https:\/\/podkarpacka.iarp.pl\/wp-content\/uploads\/2015\/02\/logo-izba-male.png\" alt=\"logo izba male\" width=\"140\" height=\"80\" \/><\/a><\/p>\n<h2 style=\"margin: 0px 30px 0px; text-align: left;\">OKR\u0118GOWY S\u0104D DYSCYPLINARNY PODKARPACKIEJ IZBY ARCHITEKT\u00d3W RP<\/h2>\n<hr style=\"margin: 10px 0px 25px;\" \/>\n<p>&nbsp;<\/p>\n<table width=\"608\">\n<tbody>\n<tr>\n<td width=\"51\"><strong>1.<\/strong><\/td>\n<td width=\"202\"><strong>Przewodnicz\u0105cy<\/strong><\/td>\n<td width=\"355\"><strong>Tomasz Koz\u0142owski<\/strong><\/td>\n<\/tr>\n<tr>\n<td>2.<\/td>\n<td width=\"202\">Wiceprzewodnicz\u0105cy<\/td>\n<td width=\"355\">Piotr Rze\u017awicki<\/td>\n<\/tr>\n<tr>\n<td>3.<\/td>\n<td width=\"202\">Sekretarz<\/td>\n<td width=\"355\">Marcin Ku\u017aniar<\/td>\n<\/tr>\n<tr>\n<td>4.<\/td>\n<td width=\"202\">Cz\u0142onek<\/td>\n<td width=\"355\">Micha\u0142 Micek<\/td>\n<\/tr>\n<tr>\n<td>5.<\/td>\n<td width=\"202\">Cz\u0142onek<\/td>\n<td width=\"355\">Dorota Bober<\/td>\n<\/tr>\n<tr>\n<td>6.<\/td>\n<td width=\"202\">Cz\u0142onek<\/td>\n<td width=\"355\">Anna Homik-Stafiej<\/td>\n<\/tr>\n<tr>\n<td>7.<\/td>\n<td width=\"202\">Cz\u0142onek<\/td>\n<td width=\"355\">Alan Trzeciak<\/td>\n<\/tr>\n<tr>\n<td>8.<\/td>\n<td width=\"202\">Cz\u0142onek<\/td>\n<td width=\"355\">Janusz Kosiorowski<\/td>\n<\/tr>\n<tr>\n<td>9.<\/td>\n<td width=\"202\">Cz\u0142onek<\/td>\n<td width=\"355\">Robert Szular<\/td>\n<\/tr>\n<\/tbody>\n<\/table>\n<p>&nbsp;<\/p>\n<hr \/>\n<p><a href=\"https:\/\/podkarpacka.iarp.pl\/wp-content\/uploads\/2015\/02\/logo-izba-male.png\"><img loading=\"lazy\" decoding=\"async\" class=\"alignleft size-full wp-image-470\" src=\"https:\/\/podkarpacka.iarp.pl\/wp-content\/uploads\/2015\/02\/logo-izba-male.png\" alt=\"logo izba male\" width=\"140\" height=\"80\" \/><\/a><\/p>\n<h2 style=\"margin: 0px 0px 0px; text-align: left;\">OKR\u0118GOWY RZECZNIK ODPOWIEDZIALNO\u015aCI ZAWODOWEJ IZBY ARCHITEKT\u00d3W RP<\/h2>\n<hr style=\"margin: 10px 0px 25px;\" \/>\n<p>&nbsp;<\/p>\n<p>&nbsp;<\/p>\n<table width=\"608\">\n<tbody>\n<tr>\n<td width=\"51\">1.<\/td>\n<td width=\"202\"><strong>Rzecznik<\/strong><\/td>\n<td width=\"355\"><strong>Wac\u0142aw Mat\u0142ok<\/strong><\/td>\n<\/tr>\n<tr>\n<td>2.<\/td>\n<td width=\"202\">Z-ca Rzecznika<\/td>\n<td width=\"355\">Anna W\u00f3jcik<\/td>\n<\/tr>\n<tr>\n<td>3.<\/td>\n<td width=\"202\">Z-ca Rzecznika<\/td>\n<td width=\"355\">Katarzyna Le\u015bniewska &#8211; Buka\u0142a<\/td>\n<\/tr>\n<tr>\n<td>4.<\/td>\n<td width=\"202\">Z-ca Rzecznika<\/td>\n<td width=\"355\">Piotr Orlewski<\/td>\n<\/tr>\n<\/tbody>\n<\/table>\n<p><a href=\"https:\/\/podkarpacka.iarp.pl\/wp-content\/uploads\/2015\/02\/logo-izba-male.png\"><img loading=\"lazy\" decoding=\"async\" class=\"alignleft size-full wp-image-470\" src=\"https:\/\/podkarpacka.iarp.pl\/wp-content\/uploads\/2015\/02\/logo-izba-male.png\" alt=\"logo izba male\" width=\"140\" height=\"80\" \/><\/a><\/p>\n<h2 style=\"margin: 0px 0px 0px; text-align: left;\">DELEGACI PKOIA RP\u00a0<span class=\"il\">na<\/span>\u00a0ZJAZD KRAJOWY<\/h2>\n<hr style=\"margin: 10px 0px 25px;\" \/>\n<p>&nbsp;<\/p>\n<table width=\"406\">\n<tbody>\n<tr>\n<td style=\"text-align: right;\">1.<\/td>\n<td width=\"355\">Iwona B\u0105k<\/td>\n<\/tr>\n<tr>\n<td style=\"text-align: right;\">2.<\/td>\n<td width=\"355\">Renata \u015awi\u0119ci\u0144ska<\/td>\n<\/tr>\n<tr>\n<td style=\"text-align: right;\">3.<\/td>\n<td width=\"355\">Wac\u0142aw Mat\u0142ok<\/td>\n<\/tr>\n<tr>\n<td style=\"text-align: right;\">4.<\/td>\n<td width=\"355\">Marek Chrobak<\/td>\n<\/tr>\n<\/tbody>\n<\/table>\n","protected":false},"excerpt":{"rendered":"<p>RADA PODKARPACKIEJ OKR\u0118GOWEJ IZBY ARCHITEKT\u00d3W RP &nbsp; 1. Przewodnicz\u0105ca Iwona B\u0105k 2. Wiceprzewodnicz\u0105ca Joanna Matraszek 3. Wiceprzewodnicz\u0105ca Renata \u015awi\u0119ci\u0144ska 4. Sekretarz Grzegorz Ruszel 5. Skarbnik Iwona Matlingiewicz 6. Cz\u0142onek Andrzej Depa 7. Cz\u0142onek Gertruda Pieczonka 8. Cz\u0142onek Dawid Krzyszto\u0144 9. Cz\u0142onek Marianna Leska &nbsp; OKR\u0118GOWA KOMISJA REWIZYJNA PODKARPACKIEJ IZBY ARCHITEKT\u00d3W RP &nbsp; 1. Przewodnicz\u0105cy Agnieszka [&hellip;]<\/p>\n","protected":false},"author":7,"featured_media":0,"parent":374,"menu_order":0,"comment_status":"closed","ping_status":"open","template":"","meta":{"footnotes":""},"class_list":["post-407","page","type-page","status-publish","hentry"],"publishpress_future_action":{"enabled":false,"date":"2026-05-06 15:00:03","action":"change-status","newStatus":"draft","terms":[],"taxonomy":"","extraData":[]},"publishpress_future_workflow_manual_trigger":{"enabledWorkflows":[]},"_links":{"self":[{"href":"https:\/\/podkarpacka.iarp.pl\/index.php?rest_route=\/wp\/v2\/pages\/407","targetHints":{"allow":["GET"]}}],"collection":[{"href":"https:\/\/podkarpacka.iarp.pl\/index.php?rest_route=\/wp\/v2\/pages"}],"about":[{"href":"https:\/\/podkarpacka.iarp.pl\/index.php?rest_route=\/wp\/v2\/types\/page"}],"author":[{"embeddable":true,"href":"https:\/\/podkarpacka.iarp.pl\/index.php?rest_route=\/wp\/v2\/users\/7"}],"replies":[{"embeddable":true,"href":"https:\/\/podkarpacka.iarp.pl\/index.php?rest_route=%2Fwp%2Fv2%2Fcomments&post=407"}],"version-history":[{"count":25,"href":"https:\/\/podkarpacka.iarp.pl\/index.php?rest_route=\/wp\/v2\/pages\/407\/revisions"}],"predecessor-version":[{"id":8201,"href":"https:\/\/podkarpacka.iarp.pl\/index.php?rest_route=\/wp\/v2\/pages\/407\/revisions\/8201"}],"up":[{"embeddable":true,"href":"https:\/\/podkarpacka.iarp.pl\/index.php?rest_route=\/wp\/v2\/pages\/374"}],"wp:attachment":[{"href":"https:\/\/podkarpacka.iarp.pl\/index.php?rest_route=%2Fwp%2Fv2%2Fmedia&parent=407"}],"curies":[{"name":"wp","href":"https:\/\/api.w.org\/{rel}","templated":true}]}}